{"version":"1.0","provider_name":"Brainyhouse, la domotique adapt\u00e9 \u00e0 votre habitat","provider_url":"https:\/\/www.brainyhouse.com\/pub2","title":"Cr\u00e9ation de la F\u00e9d\u00e9ration Suisse de Domotique - Brainyhouse, la domotique adapt\u00e9 \u00e0 votre habitat","type":"rich","width":600,"height":338,"html":"<blockquote class=\"wp-embedded-content\" data-secret=\"KTSTytErtF\"><a href=\"https:\/\/www.brainyhouse.com\/pub2\/creation-de-federation-suisse-de-domotique\/\">Cr\u00e9ation de la F\u00e9d\u00e9ration Suisse de Domotique<\/a><\/blockquote><iframe sandbox=\"allow-scripts\" security=\"restricted\" src=\"https:\/\/www.brainyhouse.com\/pub2\/creation-de-federation-suisse-de-domotique\/embed\/#?secret=KTSTytErtF\" width=\"600\" height=\"338\" title=\"\u00ab\u00a0Cr\u00e9ation de la F\u00e9d\u00e9ration Suisse de Domotique\u00a0\u00bb &#8212; Brainyhouse, la domotique adapt\u00e9 \u00e0 votre habitat\" data-secret=\"KTSTytErtF\" frameborder=\"0\" marginwidth=\"0\" marginheight=\"0\" scrolling=\"no\" class=\"wp-embedded-content\"><\/iframe><script>\n\/*! This file is auto-generated *\/\n!function(d,l){\"use strict\";l.querySelector&&d.addEventListener&&\"undefined\"!=typeof URL&&(d.wp=d.wp||{},d.wp.receiveEmbedMessage||(d.wp.receiveEmbedMessage=function(e){var t=e.data;if((t||t.secret||t.message||t.value)&&!\/[^a-zA-Z0-9]\/.test(t.secret)){for(var s,r,n,a=l.querySelectorAll('iframe[data-secret=\"'+t.secret+'\"]'),o=l.querySelectorAll('blockquote[data-secret=\"'+t.secret+'\"]'),c=new RegExp(\"^https?:$\",\"i\"),i=0;i<o.length;i++)o[i].style.display=\"none\";for(i=0;i<a.length;i++)s=a[i],e.source===s.contentWindow&&(s.removeAttribute(\"style\"),\"height\"===t.message?(1e3<(r=parseInt(t.value,10))?r=1e3:~~r<200&&(r=200),s.height=r):\"link\"===t.message&&(r=new URL(s.getAttribute(\"src\")),n=new URL(t.value),c.test(n.protocol))&&n.host===r.host&&l.activeElement===s&&(d.top.location.href=t.value))}},d.addEventListener(\"message\",d.wp.receiveEmbedMessage,!1),l.addEventListener(\"DOMContentLoaded\",function(){for(var e,t,s=l.querySelectorAll(\"iframe.wp-embedded-content\"),r=0;r<s.length;r++)(t=(e=s[r]).getAttribute(\"data-secret\"))||(t=Math.random().toString(36).substring(2,12),e.src+=\"#?secret=\"+t,e.setAttribute(\"data-secret\",t)),e.contentWindow.postMessage({message:\"ready\",secret:t},\"*\")},!1)))}(window,document);\n\/\/# sourceURL=https:\/\/www.brainyhouse.com\/pub2\/wp-includes\/js\/wp-embed.min.js\n<\/script>\n","thumbnail_url":"https:\/\/www.brainyhouse.com\/pub2\/wp-content\/uploads\/2016\/05\/logo-federation-suisse-domotique.jpg","thumbnail_width":1200,"thumbnail_height":600,"description":"Le 5 Avril 2016 a eu lieu la toute premi\u00e8re Assembl\u00e9e G\u00e9n\u00e9rale de la F\u00e9d\u00e9ration Suisse de Domotique, o\u00f9 les membres fondateurs ont indiqu\u00e9 leur volont\u00e9 de promouvoir la domotique en Suisse, aupr\u00e8s des utilisateurs, professionnels et collectivit\u00e9s."}